{"id":2716,"date":"2025-05-22T08:55:21","date_gmt":"2025-05-22T08:55:21","guid":{"rendered":"https:\/\/ybeagroup.com\/?page_id=2716"},"modified":"2025-05-22T10:01:17","modified_gmt":"2025-05-22T10:01:17","slug":"responsabilidad-de-datos-personales-rgpd","status":"publish","type":"page","link":"https:\/\/ybeagroup.com\/ca\/responsabilidad-de-datos-personales-rgpd\/","title":{"rendered":"Responsabilitat de Dades Personals (RGPD)"},"content":{"rendered":"<div data-elementor-type=\"wp-page\" data-elementor-id=\"2716\" class=\"elementor elementor-2716\" data-elementor-post-type=\"page\">\n\t\t\t\t<div class=\"elementor-element elementor-element-1d2f96d e-flex e-con-boxed e-con e-parent\" data-id=\"1d2f96d\" data-element_type=\"container\" data-settings=\"{&quot;background_background&quot;:&quot;classic&quot;}\">\n\t\t\t\t\t<div class=\"e-con-inner\">\n\t\t\t\t<div class=\"elementor-element elementor-element-f179649 animated-slow elementor-invisible elementor-widget elementor-widget-heading\" data-id=\"f179649\" data-element_type=\"widget\" data-settings=\"{&quot;_animation&quot;:&quot;fadeInDown&quot;}\" data-widget_type=\"heading.default\">\n\t\t\t\t<div class=\"elementor-widget-container\">\n\t\t\t\t\t<h1 class=\"elementor-heading-title elementor-size-default\">actualitzaci\u00f3 normativa<\/h1>\t\t\t\t<\/div>\n\t\t\t\t<\/div>\n\t\t\t\t\t<\/div>\n\t\t\t\t<\/div>\n\t\t<div class=\"elementor-element elementor-element-0fffc43 e-flex e-con-boxed e-con e-parent\" data-id=\"0fffc43\" data-element_type=\"container\" data-settings=\"{&quot;background_background&quot;:&quot;classic&quot;}\">\n\t\t\t\t\t<div class=\"e-con-inner\">\n\t\t<div class=\"elementor-element elementor-element-94d8d8d e-con-full e-flex elementor-invisible e-con e-child\" data-id=\"94d8d8d\" data-element_type=\"container\" data-settings=\"{&quot;animation&quot;:&quot;fadeInDown&quot;}\">\n\t\t<div class=\"elementor-element elementor-element-343f075 e-con-full e-flex e-con e-child\" data-id=\"343f075\" data-element_type=\"container\">\n\t\t\t\t<div class=\"elementor-element elementor-element-afcfd21 animated-slow elementor-invisible elementor-widget elementor-widget-heading\" data-id=\"afcfd21\" data-element_type=\"widget\" data-settings=\"{&quot;_animation&quot;:&quot;fadeInDown&quot;}\" data-widget_type=\"heading.default\">\n\t\t\t\t<div class=\"elementor-widget-container\">\n\t\t\t\t\t<h2 class=\"elementor-heading-title elementor-size-default\">Consultoria en Protecci\u00f3 de Dades<\/h2>\t\t\t\t<\/div>\n\t\t\t\t<\/div>\n\t\t\t\t<\/div>\n\t\t\t\t<\/div>\n\t\t\t\t<div class=\"elementor-element elementor-element-7d3f8dc elementor-widget-divider--view-line elementor-widget elementor-widget-divider\" data-id=\"7d3f8dc\" data-element_type=\"widget\" data-widget_type=\"divider.default\">\n\t\t\t\t<div class=\"elementor-widget-container\">\n\t\t\t\t\t\t\t<div class=\"elementor-divider\">\n\t\t\t<span class=\"elementor-divider-separator\">\n\t\t\t\t\t\t<\/span>\n\t\t<\/div>\n\t\t\t\t\t\t<\/div>\n\t\t\t\t<\/div>\n\t\t<div class=\"elementor-element elementor-element-98fa629 e-con-full e-flex elementor-invisible e-con e-child\" data-id=\"98fa629\" data-element_type=\"container\" data-settings=\"{&quot;animation&quot;:&quot;fadeInUp&quot;}\">\n\t\t\t\t<div class=\"elementor-element elementor-element-1204b7e animated-slow elementor-invisible elementor-widget elementor-widget-text-editor\" data-id=\"1204b7e\" data-element_type=\"widget\" data-settings=\"{&quot;_animation&quot;:&quot;fadeInDown&quot;,&quot;_animation_delay&quot;:400}\" data-widget_type=\"text-editor.default\">\n\t\t\t\t<div class=\"elementor-widget-container\">\n\t\t\t\t\t\t\t\t\t<p class=\"ds-markdown-paragraph\"><strong>La Consultoria en Protecci\u00f3 de Dades de YBEA GROUP us garanteix el compliment normatiu legal, tecnol\u00f2gic i d&#039;organitzaci\u00f3 per a la vostra companyia.<\/strong> Donant solucions diverses per a cada tipus daspecte a tractar i sector empresarial.<\/p><p class=\"ds-markdown-paragraph\">A <strong>Ybea Group<\/strong> treballem perqu\u00e8 els nostres clients compleixin tots els requisits que la normativa exigeix a nivell intersectorial com particularment a cadascun d&#039;ells evitant aix\u00ed qualsevol tipus de sancions.<\/p><p class=\"ds-markdown-paragraph\"><strong>Llei Org\u00e0nica de protecci\u00f3 de Dades (LOPD) i Llei de serveis de la Societat de la Informaci\u00f3 i Comer\u00e7 Electr\u00f2nic (LSSICE).<\/strong><\/p>\t\t\t\t\t\t\t\t<\/div>\n\t\t\t\t<\/div>\n\t\t\t\t<\/div>\n\t\t\t\t\t<\/div>\n\t\t\t\t<\/div>\n\t\t<div class=\"elementor-element elementor-element-87c0852 e-flex e-con-boxed e-con e-parent\" data-id=\"87c0852\" data-element_type=\"container\" data-settings=\"{&quot;background_background&quot;:&quot;classic&quot;}\">\n\t\t\t\t\t<div class=\"e-con-inner\">\n\t\t<div class=\"elementor-element elementor-element-6fc7830 e-con-full e-flex elementor-invisible e-con e-child\" data-id=\"6fc7830\" data-element_type=\"container\" data-settings=\"{&quot;animation&quot;:&quot;fadeInUp&quot;,&quot;background_background&quot;:&quot;classic&quot;}\">\n\t\t\t\t<div class=\"elementor-element elementor-element-5f4adb6 elementor-widget elementor-widget-image\" data-id=\"5f4adb6\" data-element_type=\"widget\" data-widget_type=\"image.default\">\n\t\t\t\t<div class=\"elementor-widget-container\">\n\t\t\t\t\t\t\t\t\t\t\t\t\t\t\t<img fetchpriority=\"high\" decoding=\"async\" width=\"2560\" height=\"1463\" src=\"https:\/\/ybeagroup.com\/wp-content\/uploads\/2025\/04\/IMAGEN-PEQUENA-FORMACION-PROGRAMADA-scaled.jpg\" class=\"attachment-full size-full wp-image-2035\" alt=\"\" srcset=\"https:\/\/ybeagroup.com\/wp-content\/uploads\/2025\/04\/IMAGEN-PEQUENA-FORMACION-PROGRAMADA-scaled.jpg 2560w, https:\/\/ybeagroup.com\/wp-content\/uploads\/2025\/04\/IMAGEN-PEQUENA-FORMACION-PROGRAMADA-300x171.jpg 300w, https:\/\/ybeagroup.com\/wp-content\/uploads\/2025\/04\/IMAGEN-PEQUENA-FORMACION-PROGRAMADA-1024x585.jpg 1024w, https:\/\/ybeagroup.com\/wp-content\/uploads\/2025\/04\/IMAGEN-PEQUENA-FORMACION-PROGRAMADA-768x439.jpg 768w, https:\/\/ybeagroup.com\/wp-content\/uploads\/2025\/04\/IMAGEN-PEQUENA-FORMACION-PROGRAMADA-1536x878.jpg 1536w, https:\/\/ybeagroup.com\/wp-content\/uploads\/2025\/04\/IMAGEN-PEQUENA-FORMACION-PROGRAMADA-2048x1170.jpg 2048w\" sizes=\"(max-width: 2560px) 100vw, 2560px\" \/>\t\t\t\t\t\t\t\t\t\t\t\t\t\t\t<\/div>\n\t\t\t\t<\/div>\n\t\t\t\t<\/div>\n\t\t<div class=\"elementor-element elementor-element-aeb5af3 e-con-full e-flex elementor-invisible e-con e-child\" data-id=\"aeb5af3\" data-element_type=\"container\" data-settings=\"{&quot;animation&quot;:&quot;fadeInDown&quot;}\">\n\t\t\t\t<div class=\"elementor-element elementor-element-3e33855 elementor-widget-divider--view-line elementor-widget elementor-widget-divider\" data-id=\"3e33855\" data-element_type=\"widget\" data-widget_type=\"divider.default\">\n\t\t\t\t<div class=\"elementor-widget-container\">\n\t\t\t\t\t\t\t<div class=\"elementor-divider\">\n\t\t\t<span class=\"elementor-divider-separator\">\n\t\t\t\t\t\t<\/span>\n\t\t<\/div>\n\t\t\t\t\t\t<\/div>\n\t\t\t\t<\/div>\n\t\t\t\t<div class=\"elementor-element elementor-element-50054d0 elementor-widget elementor-widget-n-accordion\" data-id=\"50054d0\" data-element_type=\"widget\" data-settings=\"{&quot;default_state&quot;:&quot;expanded&quot;,&quot;max_items_expended&quot;:&quot;one&quot;,&quot;n_accordion_animation_duration&quot;:{&quot;unit&quot;:&quot;ms&quot;,&quot;size&quot;:400,&quot;sizes&quot;:[]}}\" data-widget_type=\"nested-accordion.default\">\n\t\t\t\t<div class=\"elementor-widget-container\">\n\t\t\t\t\t\t\t<div class=\"e-n-accordion\" aria-label=\"Accordion. Open links with Enter or Space, close with Escape, and navigate with Arrow Keys\">\n\t\t\t\t\t\t<details id=\"e-n-accordion-item-8390\" class=\"e-n-accordion-item\" open>\n\t\t\t\t<summary class=\"e-n-accordion-item-title\" data-accordion-index=\"1\" tabindex=\"0\" aria-expanded=\"true\" aria-controls=\"e-n-accordion-item-8390\" >\n\t\t\t\t\t<span class='e-n-accordion-item-title-header'><div class=\"e-n-accordion-item-title-text\"> Evoluci\u00f3 de la Consultoria en Protecci\u00f3 de Dades <\/div><\/span>\n\t\t\t\t\t\t\t<span class='e-n-accordion-item-title-icon'>\n\t\t\t<span class='e-opened' ><svg aria-hidden=\"true\" class=\"e-font-icon-svg e-fas-minus\" viewbox=\"0 0 448 512\" xmlns=\"http:\/\/www.w3.org\/2000\/svg\"><path d=\"M416 208H32c-17.67 0-32 14.33-32 32v32c0 17.67 14.33 32 32 32h384c17.67 0 32-14.33 32-32v-32c0-17.67-14.33-32-32-32z\"><\/path><\/svg><\/span>\n\t\t\t<span class='e-closed'><svg aria-hidden=\"true\" class=\"e-font-icon-svg e-fas-plus\" viewbox=\"0 0 448 512\" xmlns=\"http:\/\/www.w3.org\/2000\/svg\"><path d=\"M416 208H272V64c0-17.67-14.33-32-32-32h-32c-17.67 0-32 14.33-32 32v144H32c-17.67 0-32 14.33-32 32v32c0 17.67 14.33 32 32 32h144v144c0 17.67 14.33 32 32 32h32c17.67 0 32-14.33 32-32V304h144c17.67 0 32-14.33 32-32v-32c0-17.67-14.33-32-32-32z\"><\/path><\/svg><\/span>\n\t\t<\/span>\n\n\t\t\t\t\t\t<\/summary>\n\t\t\t\t<div role=\"region\" aria-labelledby=\"e-n-accordion-item-8390\" class=\"elementor-element elementor-element-939cc50 e-con-full e-flex e-con e-child\" data-id=\"939cc50\" data-element_type=\"container\">\n\t\t\t\t<div class=\"elementor-element elementor-element-799d194 elementor-widget elementor-widget-text-editor\" data-id=\"799d194\" data-element_type=\"widget\" data-widget_type=\"text-editor.default\">\n\t\t\t\t<div class=\"elementor-widget-container\">\n\t\t\t\t\t\t\t\t\t<p class=\"ds-markdown-paragraph\">En el m\u00f3n d&#039;avui, els aven\u00e7os tecnol\u00f2gics i la inform\u00e0tica han facilitat a les organitzacions la possibilitat de\u00a0<em>emmagatzemar gran quantitat de dades personals tant<\/em>\u00a0dels seus clients i prove\u00efdors com dels seus treballadors o candidats. Referits, entre d&#039;altres, al n\u00famero de tel\u00e8fon i correu electr\u00f2nic personal, gustos i prefer\u00e8ncies o dades de salut.<\/p><p class=\"ds-markdown-paragraph\">Fins ara, perqu\u00e8 les organitzacions tractessin l\u00edcitament les dades de car\u00e0cter personal, se&#039;ls exigia complir amb la Llei Org\u00e0nica 15\/1999, de\u00a0<em>13 de desembre<\/em>. La\u00a0<em>Llei de protecci\u00f3 de dades i el seu reglament de desenvolupament<\/em>.<\/p><p class=\"ds-markdown-paragraph\">Tot i aix\u00f2, els riscos que comporten els nous sistemes de tractament, l&#039;increment en la magnitud de l&#039;intercanvi i la recollida de dades i la manca d&#039;harmonitzaci\u00f3 entre les normatives dels diferents Estats Membres, van impulsar que les institucions europees promulguessin el\u00a0<em>Reglament General de Protecci\u00f3 de Dades (RGPD)<\/em>.<\/p><p class=\"ds-markdown-paragraph\"><strong>El nou RGPD ser\u00e0 de compliment obligatori el 25 de maig de 2018, la qual cosa implica que les organitzacions s&#039;han d&#039;adaptar al m\u00e9s aviat possible a les noves exig\u00e8ncies que els imposa el RGPD.<\/strong><\/p><p class=\"ds-markdown-paragraph\">\u00a0<\/p>\t\t\t\t\t\t\t\t<\/div>\n\t\t\t\t<\/div>\n\t\t\t\t<\/div>\n\t\t\t\t\t<\/details>\n\t\t\t\t\t\t<details id=\"e-n-accordion-item-8391\" class=\"e-n-accordion-item\" >\n\t\t\t\t<summary class=\"e-n-accordion-item-title\" data-accordion-index=\"2\" tabindex=\"-1\" aria-expanded=\"false\" aria-controls=\"e-n-accordion-item-8391\" >\n\t\t\t\t\t<span class='e-n-accordion-item-title-header'><div class=\"e-n-accordion-item-title-text\"> Pla d&#039;Actuaci\u00f3 a Consultoria de Protecci\u00f3 de Dades <\/div><\/span>\n\t\t\t\t\t\t\t<span class='e-n-accordion-item-title-icon'>\n\t\t\t<span class='e-opened' ><svg aria-hidden=\"true\" class=\"e-font-icon-svg e-fas-minus\" viewbox=\"0 0 448 512\" xmlns=\"http:\/\/www.w3.org\/2000\/svg\"><path d=\"M416 208H32c-17.67 0-32 14.33-32 32v32c0 17.67 14.33 32 32 32h384c17.67 0 32-14.33 32-32v-32c0-17.67-14.33-32-32-32z\"><\/path><\/svg><\/span>\n\t\t\t<span class='e-closed'><svg aria-hidden=\"true\" class=\"e-font-icon-svg e-fas-plus\" viewbox=\"0 0 448 512\" xmlns=\"http:\/\/www.w3.org\/2000\/svg\"><path d=\"M416 208H272V64c0-17.67-14.33-32-32-32h-32c-17.67 0-32 14.33-32 32v144H32c-17.67 0-32 14.33-32 32v32c0 17.67 14.33 32 32 32h144v144c0 17.67 14.33 32 32 32h32c17.67 0 32-14.33 32-32V304h144c17.67 0 32-14.33 32-32v-32c0-17.67-14.33-32-32-32z\"><\/path><\/svg><\/span>\n\t\t<\/span>\n\n\t\t\t\t\t\t<\/summary>\n\t\t\t\t<div role=\"region\" aria-labelledby=\"e-n-accordion-item-8391\" class=\"elementor-element elementor-element-2900bbd e-con-full e-flex e-con e-child\" data-id=\"2900bbd\" data-element_type=\"container\">\n\t\t\t\t<div class=\"elementor-element elementor-element-ae5ff43 elementor-widget elementor-widget-text-editor\" data-id=\"ae5ff43\" data-element_type=\"widget\" data-widget_type=\"text-editor.default\">\n\t\t\t\t<div class=\"elementor-widget-container\">\n\t\t\t\t\t\t\t\t\t<p class=\"ds-markdown-paragraph\"><strong>YBEA GROUP \u00e9s<\/strong> conscient de la<strong> import\u00e0ncia del principi de\u00a0<em>accountability<\/em><\/strong>\u00a0que instaura el nou reglament i del breu termini de temps que tenen les organitzacions per adaptar-s&#039;hi. Per aix\u00f2, ha dissenyat un pla d&#039;actuaci\u00f3 per a aquelles entitats que confi\u00efn en els nostres serveis.<\/p><p class=\"ds-markdown-paragraph\">Aquest pla, marca unes <strong>pautes perqu\u00e8 s\u00e0piguen com afrontar les noves obligacions del RGPD, especificant<\/strong> qu\u00e8 <strong>nova documentaci\u00f3 necessiten implantar o actualitzar.<\/strong> Aix\u00ed com quines s\u00f3n les<strong> mesures t\u00e8cniques i organitzatives que han d&#039;adoptar per garantir la seguretat<\/strong> dades de car\u00e0cter personal. I el <strong>procediment<\/strong> a seguir en cas que arribi a produir-se una<strong> violaci\u00f3 de seguretat.<\/strong><\/p><p class=\"ds-markdown-paragraph\">De la mateixa manera, posem a la vostra disposici\u00f3 una \u00e0mplia gamma d&#039;especialitats per a un assessorament complet. Per exemple, els nostres serveis relacionats amb Auditoria LSSI o la nostra formaci\u00f3 m\u00e9s actualitzada (Curs del Nou Reglament General de Protecci\u00f3 de Dades\/Delegat de Protecci\u00f3 de Dades, etc.).\u00a0<em>Consultins<\/em>\u00a0sense comprom\u00eds i us donarem una visi\u00f3 global per al compliment normatiu de la vostra empresa.<\/p>\t\t\t\t\t\t\t\t<\/div>\n\t\t\t\t<\/div>\n\t\t\t\t<\/div>\n\t\t\t\t\t<\/details>\n\t\t\t\t\t<\/div>\n\t\t\t\t\t\t<\/div>\n\t\t\t\t<\/div>\n\t\t\t\t<\/div>\n\t\t\t\t\t<\/div>\n\t\t\t\t<\/div>\n\t\t<div class=\"elementor-element elementor-element-678deb3 e-grid e-con-full e-con e-child\" data-id=\"678deb3\" data-element_type=\"container\">\n\t\t\t\t<div class=\"elementor-element elementor-element-958e093 elementor-flip-box--effect-zoom-out elementor-widget elementor-widget-flip-box\" data-id=\"958e093\" data-element_type=\"widget\" data-widget_type=\"flip-box.default\">\n\t\t\t\t<div class=\"elementor-widget-container\">\n\t\t\t\t\t\t\t<div class=\"elementor-flip-box\" tabindex=\"0\">\n\t\t\t<div class=\"elementor-flip-box__layer elementor-flip-box__front\">\n\t\t\t\t<div class=\"elementor-flip-box__layer__overlay\">\n\t\t\t\t\t<div class=\"elementor-flip-box__layer__inner\">\n\t\t\t\t\t\t\t\t\t\t\t\t\t<div class=\"elementor-icon-wrapper elementor-view-default\">\n\t\t\t\t\t\t\t\t<div class=\"elementor-icon\">\n\t\t\t\t\t\t\t\t\t\t\t\t\t\t\t\t\t<\/div>\n\t\t\t\t\t\t\t<\/div>\n\t\t\t\t\t\t\n\t\t\t\t\t\t\t\t\t\t\t\t\t<h3 class=\"elementor-flip-box__layer__title\">\n\t\t\t\t\t\t\t\tImplementaci\u00f3\t\t\t\t\t\t\t<\/h3>\n\t\t\t\t\t\t\n\t\t\t\t\t\t\t\t\t\t\t\t\t<div class=\"elementor-flip-box__layer__description\">\n\t\t\t\t\t\t\t\tImplantaci\u00f3 de la Llei de Protecci\u00f3 de Dades\n\n\t\t\t\t\t\t\t<\/div>\n\t\t\t\t\t\t\t\t\t\t\t<\/div>\n\t\t\t\t<\/div>\n\t\t\t<\/div>\n\t\t\t<div class=\"elementor-flip-box__layer elementor-flip-box__back\">\n\t\t\t<div class=\"elementor-flip-box__layer__overlay\">\n\t\t\t\t<div class=\"elementor-flip-box__layer__inner\">\n\t\t\t\t\t\n\t\t\t\t\t\t\t\t\t\t\t<div class=\"elementor-flip-box__layer__description\">\n\t\t\t\t\t\t\tInscripci\u00f3 de fitxers a l&#039;Ag\u00e8ncia Espanyola de protecci\u00f3 de dades (AEPD). <br>Informaci\u00f3 a la Recollida de dades. <br> Redacci\u00f3 del document de seguretat. <br> Aduditoria de la p\u00e0gina web.\t\t\t\t\t\t<\/div>\n\t\t\t\t\t\n\t\t\t\t\t\t\t\t<\/div>\n\t\t<\/div>\n\t\t<\/div>\n\t\t<\/div>\n\t\t\t\t\t\t<\/div>\n\t\t\t\t<\/div>\n\t\t\t\t<div class=\"elementor-element elementor-element-7081330 elementor-flip-box--effect-zoom-out elementor-widget elementor-widget-flip-box\" data-id=\"7081330\" data-element_type=\"widget\" data-widget_type=\"flip-box.default\">\n\t\t\t\t<div class=\"elementor-widget-container\">\n\t\t\t\t\t\t\t<div class=\"elementor-flip-box\" tabindex=\"0\">\n\t\t\t<div class=\"elementor-flip-box__layer elementor-flip-box__front\">\n\t\t\t\t<div class=\"elementor-flip-box__layer__overlay\">\n\t\t\t\t\t<div class=\"elementor-flip-box__layer__inner\">\n\t\t\t\t\t\t\t\t\t\t\t\t\t<div class=\"elementor-icon-wrapper elementor-view-default\">\n\t\t\t\t\t\t\t\t<div class=\"elementor-icon\">\n\t\t\t\t\t\t\t\t\t\t\t\t\t\t\t\t\t<\/div>\n\t\t\t\t\t\t\t<\/div>\n\t\t\t\t\t\t\n\t\t\t\t\t\t\t\t\t\t\t\t\t<h3 class=\"elementor-flip-box__layer__title\">\n\t\t\t\t\t\t\t\tManteniment\t\t\t\t\t\t\t<\/h3>\n\t\t\t\t\t\t\n\t\t\t\t\t\t\t\t\t\t\t\t\t<div class=\"elementor-flip-box__layer__description\">\n\t\t\t\t\t\t\t\tEls nostres t\u00e8cnics us assistiran permanent durant tot el proc\u00e9s\n\n\n\n\n\t\t\t\t\t\t\t<\/div>\n\t\t\t\t\t\t\t\t\t\t\t<\/div>\n\t\t\t\t<\/div>\n\t\t\t<\/div>\n\t\t\t<div class=\"elementor-flip-box__layer elementor-flip-box__back\">\n\t\t\t<div class=\"elementor-flip-box__layer__overlay\">\n\t\t\t\t<div class=\"elementor-flip-box__layer__inner\">\n\t\t\t\t\t\n\t\t\t\t\t\t\t\t\t\t\t<div class=\"elementor-flip-box__layer__description\">\n\t\t\t\t\t\t\tRevisi\u00f3 i inscripci\u00f3 de fitxers davant de l&#039;Ag\u00e8ncia Espanyola de protecci\u00f3 de Dades Revisi\u00f3 i Redacci\u00f3 de nous contractes amb encarregats del tractament si n&#039;hi hagu\u00e9s. <br> Actuacions necess\u00e0ries per mantenir actualitzat el document de seguretat.\n\n\t\t\t\t\t\t<\/div>\n\t\t\t\t\t\n\t\t\t\t\t\t\t\t<\/div>\n\t\t<\/div>\n\t\t<\/div>\n\t\t<\/div>\n\t\t\t\t\t\t<\/div>\n\t\t\t\t<\/div>\n\t\t\t\t<\/div>\n\t\t<div class=\"elementor-element elementor-element-2bb6de1 e-grid e-con-boxed e-con e-parent\" data-id=\"2bb6de1\" data-element_type=\"container\" data-settings=\"{&quot;background_background&quot;:&quot;classic&quot;}\">\n\t\t\t\t\t<div class=\"e-con-inner\">\n\t\t<div class=\"elementor-element elementor-element-14451c4 e-con-full e-flex elementor-invisible e-con e-child\" data-id=\"14451c4\" data-element_type=\"container\" data-settings=\"{&quot;animation&quot;:&quot;fadeInUp&quot;,&quot;background_background&quot;:&quot;classic&quot;}\">\n\t\t<div class=\"elementor-element elementor-element-4017c83 e-grid e-con-full e-con e-child\" data-id=\"4017c83\" data-element_type=\"container\">\n\t\t\t\t<div class=\"elementor-element elementor-element-9a99888 animated-slow elementor-invisible elementor-widget elementor-widget-heading\" data-id=\"9a99888\" data-element_type=\"widget\" data-settings=\"{&quot;_animation&quot;:&quot;fadeInDown&quot;,&quot;_animation_delay&quot;:200}\" data-widget_type=\"heading.default\">\n\t\t\t\t<div class=\"elementor-widget-container\">\n\t\t\t\t\t<h2 class=\"elementor-heading-title elementor-size-default\">Necessites m\u00e9s informaci\u00f3? Escriu-nos<\/h2>\t\t\t\t<\/div>\n\t\t\t\t<\/div>\n\t\t\t\t<\/div>\n\t\t\t\t<div class=\"elementor-element elementor-element-0516f27 elementor-widget elementor-widget-text-editor\" data-id=\"0516f27\" data-element_type=\"widget\" data-widget_type=\"text-editor.default\">\n\t\t\t\t<div class=\"elementor-widget-container\">\n\t\t\t\t\t\t\t\t\t<p>\n<div class=\"wpcf7 no-js\" id=\"wpcf7-f8-o1\" lang=\"es-ES\" dir=\"ltr\" data-wpcf7-id=\"8\">\n<div class=\"screen-reader-response\"><p role=\"status\" aria-live=\"polite\"><\/p> <ul><\/ul><\/div>\n\n<fieldset class=\"hidden-fields-container\">\n<\/fieldset>\n<div class=\"form\">\n\t<p><span class=\"wpcf7-form-control-wrap\" data-name=\"your-name\"><\/span>\n\t<\/p>\n<\/div>\n<div class=\"form\">\n\t<p><span class=\"wpcf7-form-control-wrap\" data-name=\"your-email\"><\/span>\n\t<\/p>\n<\/div>\n<div class=\"form\">\n\t<p><span class=\"wpcf7-form-control-wrap\" data-name=\"tel-802\"><\/span>\n\t<\/p>\n<\/div>\n<div class=\"form\">\n\t<p><span class=\"wpcf7-form-control-wrap\" data-name=\"your-message\"><textarea cols=\"40\" rows=\"4\" class=\"wpcf7-form-control wpcf7-textarea wpcf7-validates-as-required\" name=\"your-message\"><\/textarea><\/span>\n\t<\/p>\n<\/div>\n<div class=\"form\">\n\t<p><span class=\"wpcf7-form-control-wrap\" data-name=\"acceptance-902\"><span class=\"wpcf7-form-control wpcf7-acceptance\"><span class=\"wpcf7-list-item\"><label><span class=\"wpcf7-list-item-label\">He llegit i accepto el <a href=\"\/ca\/aviso-legal\/\">av\u00eds legal<\/a> i la <a href=\"\/ca\/politica-de-privacidad\/\">pol\u00edtica de privadesa<\/a><\/span><\/label><\/span><\/span><\/span>\n\t<\/p>\n<\/div>\n<div class=\"form\">\n\t<p>\n\t<\/p>\n<\/div><div class=\"wpcf7-response-output\" aria-hidden=\"true\"><\/div>\n\n<\/div>\n<\/p>\t\t\t\t\t\t\t\t<\/div>\n\t\t\t\t<\/div>\n\t\t\t\t<\/div>\n\t\t\t\t<div class=\"elementor-element elementor-element-cae0609 elementor-widget elementor-widget-image\" data-id=\"cae0609\" data-element_type=\"widget\" data-widget_type=\"image.default\">\n\t\t\t\t<div class=\"elementor-widget-container\">\n\t\t\t\t\t\t\t\t\t\t\t\t\t\t\t<img decoding=\"async\" width=\"800\" height=\"534\" src=\"https:\/\/ybeagroup.com\/wp-content\/uploads\/2025\/04\/IMAGEN-GRANDE-FORMACION-PROGRAMADA-1024x683.jpg\" class=\"attachment-large size-large wp-image-1989\" alt=\"\" srcset=\"https:\/\/ybeagroup.com\/wp-content\/uploads\/2025\/04\/IMAGEN-GRANDE-FORMACION-PROGRAMADA-1024x683.jpg 1024w, https:\/\/ybeagroup.com\/wp-content\/uploads\/2025\/04\/IMAGEN-GRANDE-FORMACION-PROGRAMADA-300x200.jpg 300w, https:\/\/ybeagroup.com\/wp-content\/uploads\/2025\/04\/IMAGEN-GRANDE-FORMACION-PROGRAMADA-768x512.jpg 768w, https:\/\/ybeagroup.com\/wp-content\/uploads\/2025\/04\/IMAGEN-GRANDE-FORMACION-PROGRAMADA-1536x1024.jpg 1536w, https:\/\/ybeagroup.com\/wp-content\/uploads\/2025\/04\/IMAGEN-GRANDE-FORMACION-PROGRAMADA-2048x1365.jpg 2048w\" sizes=\"(max-width: 800px) 100vw, 800px\" \/>\t\t\t\t\t\t\t\t\t\t\t\t\t\t\t<\/div>\n\t\t\t\t<\/div>\n\t\t\t\t\t<\/div>\n\t\t\t\t<\/div>\n\t\t<div class=\"elementor-element elementor-element-b98103f e-flex e-con-boxed e-con e-parent\" data-id=\"b98103f\" data-element_type=\"container\" data-settings=\"{&quot;background_background&quot;:&quot;classic&quot;}\">\n\t\t\t\t\t<div class=\"e-con-inner\">\n\t\t<div class=\"elementor-element elementor-element-67f432d e-flex e-con-boxed elementor-invisible e-con e-child\" data-id=\"67f432d\" data-element_type=\"container\" data-settings=\"{&quot;animation&quot;:&quot;fadeInDown&quot;}\">\n\t\t\t\t\t<div class=\"e-con-inner\">\n\t\t\t\t<div class=\"elementor-element elementor-element-e4bee87 animated-slow elementor-invisible elementor-widget elementor-widget-heading\" data-id=\"e4bee87\" data-element_type=\"widget\" data-settings=\"{&quot;_animation&quot;:&quot;fadeInDown&quot;}\" data-widget_type=\"heading.default\">\n\t\t\t\t<div class=\"elementor-widget-container\">\n\t\t\t\t\t<h3 class=\"elementor-heading-title elementor-size-default\">Som aqu\u00ed per ajudar-te<\/h3>\t\t\t\t<\/div>\n\t\t\t\t<\/div>\n\t\t\t\t\t<\/div>\n\t\t\t\t<\/div>\n\t\t\t\t<div class=\"elementor-element elementor-element-b2656d0 elementor-widget elementor-widget-button\" data-id=\"b2656d0\" data-element_type=\"widget\" data-widget_type=\"button.default\">\n\t\t\t\t<div class=\"elementor-widget-container\">\n\t\t\t\t\t\t\t\t\t<div class=\"elementor-button-wrapper\">\n\t\t\t\t\t<a class=\"elementor-button elementor-button-link elementor-size-sm\" href=\"https:\/\/ybeagroup.com\/ca\/contacto-2\/\">\n\t\t\t\t\t\t<span class=\"elementor-button-content-wrapper\">\n\t\t\t\t\t\t\t\t\t<span class=\"elementor-button-text\">Contacte<\/span>\n\t\t\t\t\t<\/span>\n\t\t\t\t\t<\/a>\n\t\t\t\t<\/div>\n\t\t\t\t\t\t\t\t<\/div>\n\t\t\t\t<\/div>\n\t\t\t\t\t<\/div>\n\t\t\t\t<\/div>\n\t\t\t\t<\/div>","protected":false},"excerpt":{"rendered":"<p>actualitzaci\u00f3 normativa Consultoria en Protecci\u00f3 de Dades La Consultoria en Protecci\u00f3 de Dades de YBEA GROUP us garanteix el compliment normatiu legal, tecnol\u00f2gic i d&#039;organitzaci\u00f3 per a la vostra companyia. Donant solucions diverses per a cada tipus daspecte a tractar i sector empresarial. A Ybea Group treballem perqu\u00e8 els nostres clients compleixin tots els requisits que [\u2026]<\/p>","protected":false},"author":3,"featured_media":0,"parent":0,"menu_order":0,"comment_status":"closed","ping_status":"closed","template":"","meta":{"footnotes":""},"class_list":["post-2716","page","type-page","status-publish","hentry"],"yoast_head":"<!-- This site is optimized with the Yoast SEO plugin v26.4 - https:\/\/yoast.com\/wordpress\/plugins\/seo\/ -->\n<title>Responsabilidad de Datos Personales (RGPD) - Ybea Group<\/title>\n<meta name=\"robots\" content=\"index, follow, max-snippet:-1, max-image-preview:large, max-video-preview:-1\" \/>\n<link rel=\"canonical\" href=\"https:\/\/ybeagroup.com\/ca\/responsabilidad-de-datos-personales-rgpd\/\" \/>\n<meta property=\"og:locale\" content=\"ca_ES\" \/>\n<meta property=\"og:type\" content=\"article\" \/>\n<meta property=\"og:title\" content=\"Responsabilidad de Datos Personales (RGPD) - Ybea Group\" \/>\n<meta property=\"og:description\" content=\"actualizaci\u00f3n normativa Consultor\u00eda en Protecci\u00f3n de Datos La Consultor\u00eda en Protecci\u00f3n de Datos de YBEA GROUP le garantiza el cumplimiento normativo legal, tecnol\u00f3gico y de organizaci\u00f3n para su compa\u00f1\u00eda. Dando soluciones diversas para cada tipo de aspecto a tratar y sector empresarial. En Ybea Group trabajamos para que nuestros clientes cumplan todos los requisitos que [&hellip;]\" \/>\n<meta property=\"og:url\" content=\"https:\/\/ybeagroup.com\/ca\/responsabilidad-de-datos-personales-rgpd\/\" \/>\n<meta property=\"og:site_name\" content=\"Ybea Group\" \/>\n<meta property=\"article:modified_time\" content=\"2025-05-22T10:01:17+00:00\" \/>\n<meta property=\"og:image\" content=\"https:\/\/ybeagroup.com\/wp-content\/uploads\/2025\/04\/IMAGEN-PEQUENA-FORMACION-PROGRAMADA-scaled.jpg\" \/>\n<meta name=\"twitter:card\" content=\"summary_large_image\" \/>\n<meta name=\"twitter:label1\" content=\"Temps estimat de lectura\" \/>\n\t<meta name=\"twitter:data1\" content=\"5 minuts\" \/>\n<script type=\"application\/ld+json\" class=\"yoast-schema-graph\">{\"@context\":\"https:\/\/schema.org\",\"@graph\":[{\"@type\":\"WebPage\",\"@id\":\"https:\/\/ybeagroup.com\/responsabilidad-de-datos-personales-rgpd\/\",\"url\":\"https:\/\/ybeagroup.com\/responsabilidad-de-datos-personales-rgpd\/\",\"name\":\"Responsabilidad de Datos Personales (RGPD) - Ybea Group\",\"isPartOf\":{\"@id\":\"https:\/\/ybeagroup.com\/gl\/#website\"},\"primaryImageOfPage\":{\"@id\":\"https:\/\/ybeagroup.com\/responsabilidad-de-datos-personales-rgpd\/#primaryimage\"},\"image\":{\"@id\":\"https:\/\/ybeagroup.com\/responsabilidad-de-datos-personales-rgpd\/#primaryimage\"},\"thumbnailUrl\":\"https:\/\/ybeagroup.com\/wp-content\/uploads\/2025\/04\/IMAGEN-PEQUENA-FORMACION-PROGRAMADA-scaled.jpg\",\"datePublished\":\"2025-05-22T08:55:21+00:00\",\"dateModified\":\"2025-05-22T10:01:17+00:00\",\"breadcrumb\":{\"@id\":\"https:\/\/ybeagroup.com\/responsabilidad-de-datos-personales-rgpd\/#breadcrumb\"},\"inLanguage\":\"ca\",\"potentialAction\":[{\"@type\":\"ReadAction\",\"target\":[\"https:\/\/ybeagroup.com\/responsabilidad-de-datos-personales-rgpd\/\"]}]},{\"@type\":\"ImageObject\",\"inLanguage\":\"ca\",\"@id\":\"https:\/\/ybeagroup.com\/responsabilidad-de-datos-personales-rgpd\/#primaryimage\",\"url\":\"https:\/\/ybeagroup.com\/wp-content\/uploads\/2025\/04\/IMAGEN-PEQUENA-FORMACION-PROGRAMADA-scaled.jpg\",\"contentUrl\":\"https:\/\/ybeagroup.com\/wp-content\/uploads\/2025\/04\/IMAGEN-PEQUENA-FORMACION-PROGRAMADA-scaled.jpg\"},{\"@type\":\"BreadcrumbList\",\"@id\":\"https:\/\/ybeagroup.com\/responsabilidad-de-datos-personales-rgpd\/#breadcrumb\",\"itemListElement\":[{\"@type\":\"ListItem\",\"position\":1,\"name\":\"Portada\",\"item\":\"https:\/\/ybeagroup.com\/\"},{\"@type\":\"ListItem\",\"position\":2,\"name\":\"Responsabilidad de Datos Personales (RGPD)\"}]},{\"@type\":\"WebSite\",\"@id\":\"https:\/\/ybeagroup.com\/gl\/#website\",\"url\":\"https:\/\/ybeagroup.com\/gl\/\",\"name\":\"Ybea Group\",\"description\":\"Soluciones innovadoras en formaci\u00f3n y consultor\u00eda para empresas\",\"publisher\":{\"@id\":\"https:\/\/ybeagroup.com\/gl\/#organization\"},\"potentialAction\":[{\"@type\":\"SearchAction\",\"target\":{\"@type\":\"EntryPoint\",\"urlTemplate\":\"https:\/\/ybeagroup.com\/gl\/?s={search_term_string}\"},\"query-input\":{\"@type\":\"PropertyValueSpecification\",\"valueRequired\":true,\"valueName\":\"search_term_string\"}}],\"inLanguage\":\"ca\"},{\"@type\":\"Organization\",\"@id\":\"https:\/\/ybeagroup.com\/gl\/#organization\",\"name\":\"Ybea Group\",\"url\":\"https:\/\/ybeagroup.com\/gl\/\",\"logo\":{\"@type\":\"ImageObject\",\"inLanguage\":\"ca\",\"@id\":\"https:\/\/ybeagroup.com\/gl\/#\/schema\/logo\/image\/\",\"url\":\"https:\/\/ybeagroup.com\/wp-content\/uploads\/2025\/03\/cropped-fav.png\",\"contentUrl\":\"https:\/\/ybeagroup.com\/wp-content\/uploads\/2025\/03\/cropped-fav.png\",\"width\":512,\"height\":512,\"caption\":\"Ybea Group\"},\"image\":{\"@id\":\"https:\/\/ybeagroup.com\/gl\/#\/schema\/logo\/image\/\"}}]}<\/script>\n<!-- \/ Yoast SEO plugin. -->","yoast_head_json":{"title":"Responsabilidad de Datos Personales (RGPD) - Ybea Group","robots":{"index":"index","follow":"follow","max-snippet":"max-snippet:-1","max-image-preview":"max-image-preview:large","max-video-preview":"max-video-preview:-1"},"canonical":"https:\/\/ybeagroup.com\/ca\/responsabilidad-de-datos-personales-rgpd\/","og_locale":"ca_ES","og_type":"article","og_title":"Responsabilidad de Datos Personales (RGPD) - Ybea Group","og_description":"actualizaci\u00f3n normativa Consultor\u00eda en Protecci\u00f3n de Datos La Consultor\u00eda en Protecci\u00f3n de Datos de YBEA GROUP le garantiza el cumplimiento normativo legal, tecnol\u00f3gico y de organizaci\u00f3n para su compa\u00f1\u00eda. Dando soluciones diversas para cada tipo de aspecto a tratar y sector empresarial. En Ybea Group trabajamos para que nuestros clientes cumplan todos los requisitos que [&hellip;]","og_url":"https:\/\/ybeagroup.com\/ca\/responsabilidad-de-datos-personales-rgpd\/","og_site_name":"Ybea Group","article_modified_time":"2025-05-22T10:01:17+00:00","og_image":[{"url":"https:\/\/ybeagroup.com\/wp-content\/uploads\/2025\/04\/IMAGEN-PEQUENA-FORMACION-PROGRAMADA-scaled.jpg","type":"","width":"","height":""}],"twitter_card":"summary_large_image","twitter_misc":{"Temps estimat de lectura":"5 minuts"},"schema":{"@context":"https:\/\/schema.org","@graph":[{"@type":"WebPage","@id":"https:\/\/ybeagroup.com\/responsabilidad-de-datos-personales-rgpd\/","url":"https:\/\/ybeagroup.com\/responsabilidad-de-datos-personales-rgpd\/","name":"Responsabilidad de Datos Personales (RGPD) - Ybea Group","isPartOf":{"@id":"https:\/\/ybeagroup.com\/gl\/#website"},"primaryImageOfPage":{"@id":"https:\/\/ybeagroup.com\/responsabilidad-de-datos-personales-rgpd\/#primaryimage"},"image":{"@id":"https:\/\/ybeagroup.com\/responsabilidad-de-datos-personales-rgpd\/#primaryimage"},"thumbnailUrl":"https:\/\/ybeagroup.com\/wp-content\/uploads\/2025\/04\/IMAGEN-PEQUENA-FORMACION-PROGRAMADA-scaled.jpg","datePublished":"2025-05-22T08:55:21+00:00","dateModified":"2025-05-22T10:01:17+00:00","breadcrumb":{"@id":"https:\/\/ybeagroup.com\/responsabilidad-de-datos-personales-rgpd\/#breadcrumb"},"inLanguage":"ca","potentialAction":[{"@type":"ReadAction","target":["https:\/\/ybeagroup.com\/responsabilidad-de-datos-personales-rgpd\/"]}]},{"@type":"ImageObject","inLanguage":"ca","@id":"https:\/\/ybeagroup.com\/responsabilidad-de-datos-personales-rgpd\/#primaryimage","url":"https:\/\/ybeagroup.com\/wp-content\/uploads\/2025\/04\/IMAGEN-PEQUENA-FORMACION-PROGRAMADA-scaled.jpg","contentUrl":"https:\/\/ybeagroup.com\/wp-content\/uploads\/2025\/04\/IMAGEN-PEQUENA-FORMACION-PROGRAMADA-scaled.jpg"},{"@type":"BreadcrumbList","@id":"https:\/\/ybeagroup.com\/responsabilidad-de-datos-personales-rgpd\/#breadcrumb","itemListElement":[{"@type":"ListItem","position":1,"name":"Portada","item":"https:\/\/ybeagroup.com\/"},{"@type":"ListItem","position":2,"name":"Responsabilidad de Datos Personales (RGPD)"}]},{"@type":"WebSite","@id":"https:\/\/ybeagroup.com\/gl\/#website","url":"https:\/\/ybeagroup.com\/gl\/","name":"Ybea Group","description":"Soluciones innovadoras en formaci\u00f3n y consultor\u00eda para empresas","publisher":{"@id":"https:\/\/ybeagroup.com\/gl\/#organization"},"potentialAction":[{"@type":"SearchAction","target":{"@type":"EntryPoint","urlTemplate":"https:\/\/ybeagroup.com\/gl\/?s={search_term_string}"},"query-input":{"@type":"PropertyValueSpecification","valueRequired":true,"valueName":"search_term_string"}}],"inLanguage":"ca"},{"@type":"Organization","@id":"https:\/\/ybeagroup.com\/gl\/#organization","name":"Ybea Group","url":"https:\/\/ybeagroup.com\/gl\/","logo":{"@type":"ImageObject","inLanguage":"ca","@id":"https:\/\/ybeagroup.com\/gl\/#\/schema\/logo\/image\/","url":"https:\/\/ybeagroup.com\/wp-content\/uploads\/2025\/03\/cropped-fav.png","contentUrl":"https:\/\/ybeagroup.com\/wp-content\/uploads\/2025\/03\/cropped-fav.png","width":512,"height":512,"caption":"Ybea Group"},"image":{"@id":"https:\/\/ybeagroup.com\/gl\/#\/schema\/logo\/image\/"}}]}},"_links":{"self":[{"href":"https:\/\/ybeagroup.com\/ca\/wp-json\/wp\/v2\/pages\/2716","targetHints":{"allow":["GET"]}}],"collection":[{"href":"https:\/\/ybeagroup.com\/ca\/wp-json\/wp\/v2\/pages"}],"about":[{"href":"https:\/\/ybeagroup.com\/ca\/wp-json\/wp\/v2\/types\/page"}],"author":[{"embeddable":true,"href":"https:\/\/ybeagroup.com\/ca\/wp-json\/wp\/v2\/users\/3"}],"replies":[{"embeddable":true,"href":"https:\/\/ybeagroup.com\/ca\/wp-json\/wp\/v2\/comments?post=2716"}],"version-history":[{"count":16,"href":"https:\/\/ybeagroup.com\/ca\/wp-json\/wp\/v2\/pages\/2716\/revisions"}],"predecessor-version":[{"id":2801,"href":"https:\/\/ybeagroup.com\/ca\/wp-json\/wp\/v2\/pages\/2716\/revisions\/2801"}],"wp:attachment":[{"href":"https:\/\/ybeagroup.com\/ca\/wp-json\/wp\/v2\/media?parent=2716"}],"curies":[{"name":"wp","href":"https:\/\/api.w.org\/{rel}","templated":true}]}}