{"id":16,"date":"2025-03-18T08:43:55","date_gmt":"2025-03-18T08:43:55","guid":{"rendered":"https:\/\/ybeagroup.com\/declaracion-de-accesibilidad\/"},"modified":"2025-03-21T11:58:02","modified_gmt":"2025-03-21T11:58:02","slug":"declaracion-de-accesibilidad","status":"publish","type":"page","link":"https:\/\/ybeagroup.com\/gl\/declaracion-de-accesibilidad\/","title":{"rendered":"Declaraci\u00f3n de accesibilidade"},"content":{"rendered":"<div data-elementor-type=\"wp-page\" data-elementor-id=\"16\" class=\"elementor elementor-16\" data-elementor-post-type=\"page\">\n\t\t\t\t<div class=\"elementor-element elementor-element-13fdff2 e-flex e-con-boxed e-con e-parent\" data-id=\"13fdff2\" data-element_type=\"container\" data-settings=\"{&quot;background_background&quot;:&quot;classic&quot;}\">\n\t\t\t\t\t<div class=\"e-con-inner\">\n\t\t<div class=\"elementor-element elementor-element-6752aa14 e-con-full e-flex e-con e-child\" data-id=\"6752aa14\" data-element_type=\"container\">\n\t\t\t\t<div class=\"elementor-element elementor-element-2950c6d1 elementor-widget__width-inherit elementor-widget elementor-widget-heading\" data-id=\"2950c6d1\" data-element_type=\"widget\" data-widget_type=\"heading.default\">\n\t\t\t\t<div class=\"elementor-widget-container\">\n\t\t\t\t\t<h1 class=\"elementor-heading-title elementor-size-default\">Declaraci\u00f3n de accesibilidade<\/h1>\t\t\t\t<\/div>\n\t\t\t\t<\/div>\n\t\t\t\t<\/div>\n\t\t\t\t\t<\/div>\n\t\t\t\t<\/div>\n\t\t<div class=\"elementor-element elementor-element-1f398d73 e-flex e-con-boxed e-con e-parent\" data-id=\"1f398d73\" data-element_type=\"container\">\n\t\t\t\t\t<div class=\"e-con-inner\">\n\t\t\t\t<div class=\"elementor-element elementor-element-6baeaae2 elementor-widget elementor-widget-text-editor\" data-id=\"6baeaae2\" data-element_type=\"widget\" data-widget_type=\"text-editor.default\">\n\t\t\t\t<div class=\"elementor-widget-container\">\n\t\t\t\t\t\t\t\t\t<p>CARINA MARILINA HERN\u00c1NDEZ DE TOMAS con NIF 26834550J comprometeuse a facer o seu sitio web accesible, de acordo co Real Decreto 1112\/2018, do 7 de setembro, sobre a accesibilidade dos sitios web e aplicaci\u00f3ns para dispositivos m\u00f3biles do sector p\u00fablico. Esta declaraci\u00f3n de accesibilidade apl\u00edcase a este sitio web.<\/p><h3 class=\"wp-block-heading\">Estado de conformidade<\/h3><p>Este sitio web est\u00e1 desenvolvido de acordo co RD 1112\/2018<\/p><h3 class=\"wp-block-heading\">Preparaci\u00f3n para a pr\u00f3xima declaraci\u00f3n de accesibilidade<\/h3><p>Esta declaraci\u00f3n foi preparada o 20 de maio de 2023.<\/p><p>O m\u00e9todo empregado para elaborar a declaraci\u00f3n foi a autoavaliaci\u00f3n.<\/p><h3 class=\"wp-block-heading\">Contido opcional<\/h3><p>Podes realizar comunicaci\u00f3ns sobre os requisitos de accesibilidade (artigo 10.2.a do RD 1112\/2018) como:<\/p><ul><li>Informar de calquera posible incumprimento por parte deste sitio web<\/li><li>Transmitir outras dificultades para acceder ao contido<\/li><li>Facer calquera outra consulta ou suxesti\u00f3n de mellora relacionada coa accesibilidade do sitio web a trav\u00e9s do\u00a0<a href=\"\/gl\/contacto\/\">formulario de contacto<\/a> desde esta p\u00e1xina web ou a trav\u00e9s do n\u00famero de tel\u00e9fono: <a href=\"tel:%20952275086\"><span class=\"elementor-icon-list-text\">952 275 086<\/span><\/a><\/li><\/ul><p>Podes presentar:<\/p><ul><li>Queixa relativa ao cumprimento dos requisitos do RD 1112\/2018<\/li><li>Solicitude de informaci\u00f3n accesible sobre:<ul><li>Contidos que est\u00e1n exclu\u00eddos do \u00e1mbito de aplicaci\u00f3n do RD 1112\/2018 segundo o disposto no artigo 3, apartado 4<\/li><li>Contido exento do cumprimento dos requisitos de accesibilidade por impo\u00f1er unha carga desproporcionada<\/li><li>Na solicitude de informaci\u00f3n accesible, deben indicarse claramente os feitos, os motivos e a solicitude para demostrar que se trata dunha solicitude razoable e lex\u00edtima.<\/li><\/ul><\/li><\/ul><p>As queixas e reclamaci\u00f3ns relativas \u00e1 informaci\u00f3n accesible presentaranse a trav\u00e9s da sede electr\u00f3nica (<a href=\"https:\/\/sede.red.gob.es\/procedimientos\/quejas-y-sugerencias\" target=\"_blank\" rel=\"noreferrer noopener\">https:\/\/sede.red.gob.es\/procedimientos\/quejas-y-sugerencias<\/a>), e ser\u00e1n recibidas e procesadas pola \u00e1rea de Sistemas de Informaci\u00f3n de Red.es.<\/p><h3 class=\"wp-block-heading\">Comentarios e informaci\u00f3n de contacto<\/h3><ul><li>Para cambiar o tama\u00f1o da fonte nos principais navegadores gr\u00e1ficos, use os seguintes men\u00fas:<\/li><li>Safari: Ver &gt; Agrandar texto<\/li><li>Chrome: Controlar a p\u00e1xina actual &gt; Tama\u00f1o do texto<\/li><\/ul><p>Para cambiar o tama\u00f1o de todo o que hai na p\u00e1xina:<\/p><ul><li>Ctrl++ para aumentalo<\/li><li>Ctrl + \u2013 para diminu\u00edlo<\/li><li>Ctrl + 0 restaura o tama\u00f1o orixinal do texto<\/li><li>Se queres anular a folla de estilo ou cambiar a cor do texto, podes consultar a p\u00e1xina Como cambiar o tama\u00f1o ou as cores do texto da WAI, que se pode ler traducida ao espa\u00f1ol en Como cambiar o tama\u00f1o ou as cores do texto?<\/li><\/ul>\t\t\t\t\t\t\t\t<\/div>\n\t\t\t\t<\/div>\n\t\t\t\t\t<\/div>\n\t\t\t\t<\/div>\n\t\t\t\t<\/div>","protected":false},"excerpt":{"rendered":"<p>CARINA MARILINA HERN\u00c1NDEZ DE TOMAS, con NIF 26834550J, comprometeuse a facer o seu sitio web accesible, de acordo co Real Decreto 1112\/2018, do 7 de setembro, sobre a accesibilidade dos sitios web e aplicaci\u00f3ns m\u00f3biles do sector p\u00fablico. Esta declaraci\u00f3n de accesibilidade apl\u00edcase a este sitio web. Estado de cumprimento: Este [\u2026]<\/p>","protected":false},"author":1,"featured_media":0,"parent":0,"menu_order":0,"comment_status":"closed","ping_status":"closed","template":"","meta":{"footnotes":""},"class_list":["post-16","page","type-page","status-publish","hentry"],"yoast_head":"<!-- This site is optimized with the Yoast SEO plugin v26.4 - https:\/\/yoast.com\/wordpress\/plugins\/seo\/ -->\n<title>Declaraci\u00f3n de accesibilidad - Ybea Group<\/title>\n<meta name=\"robots\" content=\"index, follow, max-snippet:-1, max-image-preview:large, max-video-preview:-1\" \/>\n<link rel=\"canonical\" href=\"https:\/\/ybeagroup.com\/gl\/declaracion-de-accesibilidad\/\" \/>\n<meta property=\"og:locale\" content=\"gl_ES\" \/>\n<meta property=\"og:type\" content=\"article\" \/>\n<meta property=\"og:title\" content=\"Declaraci\u00f3n de accesibilidad - Ybea Group\" \/>\n<meta property=\"og:description\" content=\"CARINA MARILINA HERN\u00c1NDEZ DE TOMAS con NIF 26834550J se ha comprometido a hacer accesible su sitio web, de conformidad con el Real Decreto 1112\/2018, de 7 de septiembre, sobre accesibilidad de los sitios web y aplicaciones para dispositivos m\u00f3viles del sector p\u00fablico. Esta declaraci\u00f3n de accesibilidad se aplica a esta web. Situaci\u00f3n de cumplimiento Este [&hellip;]\" \/>\n<meta property=\"og:url\" content=\"https:\/\/ybeagroup.com\/gl\/declaracion-de-accesibilidad\/\" \/>\n<meta property=\"og:site_name\" content=\"Ybea Group\" \/>\n<meta property=\"article:modified_time\" content=\"2025-03-21T11:58:02+00:00\" \/>\n<meta name=\"twitter:card\" content=\"summary_large_image\" \/>\n<meta name=\"twitter:label1\" content=\"Tempo de lectura\" \/>\n\t<meta name=\"twitter:data1\" content=\"2 minutos\" \/>\n<script type=\"application\/ld+json\" class=\"yoast-schema-graph\">{\"@context\":\"https:\/\/schema.org\",\"@graph\":[{\"@type\":\"WebPage\",\"@id\":\"https:\/\/ybeagroup.com\/en\/declaracion-de-accesibilidad\/\",\"url\":\"https:\/\/ybeagroup.com\/en\/declaracion-de-accesibilidad\/\",\"name\":\"Declaraci\u00f3n de accesibilidad - Ybea Group\",\"isPartOf\":{\"@id\":\"https:\/\/ybeagroup.com\/gl\/#website\"},\"datePublished\":\"2025-03-18T08:43:55+00:00\",\"dateModified\":\"2025-03-21T11:58:02+00:00\",\"breadcrumb\":{\"@id\":\"https:\/\/ybeagroup.com\/en\/declaracion-de-accesibilidad\/#breadcrumb\"},\"inLanguage\":\"gl-ES\",\"potentialAction\":[{\"@type\":\"ReadAction\",\"target\":[\"https:\/\/ybeagroup.com\/en\/declaracion-de-accesibilidad\/\"]}]},{\"@type\":\"BreadcrumbList\",\"@id\":\"https:\/\/ybeagroup.com\/en\/declaracion-de-accesibilidad\/#breadcrumb\",\"itemListElement\":[{\"@type\":\"ListItem\",\"position\":1,\"name\":\"Portada\",\"item\":\"https:\/\/ybeagroup.com\/\"},{\"@type\":\"ListItem\",\"position\":2,\"name\":\"Declaraci\u00f3n de accesibilidad\"}]},{\"@type\":\"WebSite\",\"@id\":\"https:\/\/ybeagroup.com\/gl\/#website\",\"url\":\"https:\/\/ybeagroup.com\/gl\/\",\"name\":\"Ybea Group\",\"description\":\"Soluciones innovadoras en formaci\u00f3n y consultor\u00eda para empresas\",\"publisher\":{\"@id\":\"https:\/\/ybeagroup.com\/gl\/#organization\"},\"potentialAction\":[{\"@type\":\"SearchAction\",\"target\":{\"@type\":\"EntryPoint\",\"urlTemplate\":\"https:\/\/ybeagroup.com\/gl\/?s={search_term_string}\"},\"query-input\":{\"@type\":\"PropertyValueSpecification\",\"valueRequired\":true,\"valueName\":\"search_term_string\"}}],\"inLanguage\":\"gl-ES\"},{\"@type\":\"Organization\",\"@id\":\"https:\/\/ybeagroup.com\/gl\/#organization\",\"name\":\"Ybea Group\",\"url\":\"https:\/\/ybeagroup.com\/gl\/\",\"logo\":{\"@type\":\"ImageObject\",\"inLanguage\":\"gl-ES\",\"@id\":\"https:\/\/ybeagroup.com\/gl\/#\/schema\/logo\/image\/\",\"url\":\"https:\/\/ybeagroup.com\/wp-content\/uploads\/2025\/03\/cropped-fav.png\",\"contentUrl\":\"https:\/\/ybeagroup.com\/wp-content\/uploads\/2025\/03\/cropped-fav.png\",\"width\":512,\"height\":512,\"caption\":\"Ybea Group\"},\"image\":{\"@id\":\"https:\/\/ybeagroup.com\/gl\/#\/schema\/logo\/image\/\"}}]}<\/script>\n<!-- \/ Yoast SEO plugin. -->","yoast_head_json":{"title":"Declaraci\u00f3n de accesibilidad - Ybea Group","robots":{"index":"index","follow":"follow","max-snippet":"max-snippet:-1","max-image-preview":"max-image-preview:large","max-video-preview":"max-video-preview:-1"},"canonical":"https:\/\/ybeagroup.com\/gl\/declaracion-de-accesibilidad\/","og_locale":"gl_ES","og_type":"article","og_title":"Declaraci\u00f3n de accesibilidad - Ybea Group","og_description":"CARINA MARILINA HERN\u00c1NDEZ DE TOMAS con NIF 26834550J se ha comprometido a hacer accesible su sitio web, de conformidad con el Real Decreto 1112\/2018, de 7 de septiembre, sobre accesibilidad de los sitios web y aplicaciones para dispositivos m\u00f3viles del sector p\u00fablico. Esta declaraci\u00f3n de accesibilidad se aplica a esta web. Situaci\u00f3n de cumplimiento Este [&hellip;]","og_url":"https:\/\/ybeagroup.com\/gl\/declaracion-de-accesibilidad\/","og_site_name":"Ybea Group","article_modified_time":"2025-03-21T11:58:02+00:00","twitter_card":"summary_large_image","twitter_misc":{"Tempo de lectura":"2 minutos"},"schema":{"@context":"https:\/\/schema.org","@graph":[{"@type":"WebPage","@id":"https:\/\/ybeagroup.com\/en\/declaracion-de-accesibilidad\/","url":"https:\/\/ybeagroup.com\/en\/declaracion-de-accesibilidad\/","name":"Declaraci\u00f3n de accesibilidad - Ybea Group","isPartOf":{"@id":"https:\/\/ybeagroup.com\/gl\/#website"},"datePublished":"2025-03-18T08:43:55+00:00","dateModified":"2025-03-21T11:58:02+00:00","breadcrumb":{"@id":"https:\/\/ybeagroup.com\/en\/declaracion-de-accesibilidad\/#breadcrumb"},"inLanguage":"gl-ES","potentialAction":[{"@type":"ReadAction","target":["https:\/\/ybeagroup.com\/en\/declaracion-de-accesibilidad\/"]}]},{"@type":"BreadcrumbList","@id":"https:\/\/ybeagroup.com\/en\/declaracion-de-accesibilidad\/#breadcrumb","itemListElement":[{"@type":"ListItem","position":1,"name":"Portada","item":"https:\/\/ybeagroup.com\/"},{"@type":"ListItem","position":2,"name":"Declaraci\u00f3n de accesibilidad"}]},{"@type":"WebSite","@id":"https:\/\/ybeagroup.com\/gl\/#website","url":"https:\/\/ybeagroup.com\/gl\/","name":"Ybea Group","description":"Soluciones innovadoras en formaci\u00f3n y consultor\u00eda para empresas","publisher":{"@id":"https:\/\/ybeagroup.com\/gl\/#organization"},"potentialAction":[{"@type":"SearchAction","target":{"@type":"EntryPoint","urlTemplate":"https:\/\/ybeagroup.com\/gl\/?s={search_term_string}"},"query-input":{"@type":"PropertyValueSpecification","valueRequired":true,"valueName":"search_term_string"}}],"inLanguage":"gl-ES"},{"@type":"Organization","@id":"https:\/\/ybeagroup.com\/gl\/#organization","name":"Ybea Group","url":"https:\/\/ybeagroup.com\/gl\/","logo":{"@type":"ImageObject","inLanguage":"gl-ES","@id":"https:\/\/ybeagroup.com\/gl\/#\/schema\/logo\/image\/","url":"https:\/\/ybeagroup.com\/wp-content\/uploads\/2025\/03\/cropped-fav.png","contentUrl":"https:\/\/ybeagroup.com\/wp-content\/uploads\/2025\/03\/cropped-fav.png","width":512,"height":512,"caption":"Ybea Group"},"image":{"@id":"https:\/\/ybeagroup.com\/gl\/#\/schema\/logo\/image\/"}}]}},"_links":{"self":[{"href":"https:\/\/ybeagroup.com\/gl\/wp-json\/wp\/v2\/pages\/16","targetHints":{"allow":["GET"]}}],"collection":[{"href":"https:\/\/ybeagroup.com\/gl\/wp-json\/wp\/v2\/pages"}],"about":[{"href":"https:\/\/ybeagroup.com\/gl\/wp-json\/wp\/v2\/types\/page"}],"author":[{"embeddable":true,"href":"https:\/\/ybeagroup.com\/gl\/wp-json\/wp\/v2\/users\/1"}],"replies":[{"embeddable":true,"href":"https:\/\/ybeagroup.com\/gl\/wp-json\/wp\/v2\/comments?post=16"}],"version-history":[{"count":10,"href":"https:\/\/ybeagroup.com\/gl\/wp-json\/wp\/v2\/pages\/16\/revisions"}],"predecessor-version":[{"id":1690,"href":"https:\/\/ybeagroup.com\/gl\/wp-json\/wp\/v2\/pages\/16\/revisions\/1690"}],"wp:attachment":[{"href":"https:\/\/ybeagroup.com\/gl\/wp-json\/wp\/v2\/media?parent=16"}],"curies":[{"name":"wp","href":"https:\/\/api.w.org\/{rel}","templated":true}]}}